{"id":72,"date":"2020-05-21T15:44:44","date_gmt":"2020-05-21T13:44:44","guid":{"rendered":"https:\/\/weingutsommer.moerbisch.net\/index.php\/homepage\/"},"modified":"2020-08-25T17:10:33","modified_gmt":"2020-08-25T15:10:33","slug":"homepage","status":"publish","type":"page","link":"https:\/\/www.weingutsommer.at\/","title":{"rendered":"Unser Weingut"},"content":{"rendered":"\n<figure class=\"wp-block-image size-large is-style-default\"><img loading=\"lazy\" decoding=\"async\" width=\"1024\" height=\"732\" src=\"https:\/\/www.weingutsommer.at\/wp-content\/uploads\/2020\/08\/haus_bearb2-1024x732.jpg\" alt=\"\" class=\"wp-image-102\" title=\"Weingut Sommer Frontansicht\" srcset=\"https:\/\/www.weingutsommer.at\/wp-content\/uploads\/2020\/08\/haus_bearb2-1024x732.jpg 1024w, https:\/\/www.weingutsommer.at\/wp-content\/uploads\/2020\/08\/haus_bearb2-scaled-300x214.jpg 300w, https:\/\/www.weingutsommer.at\/wp-content\/uploads\/2020\/08\/haus_bearb2-768x549.jpg 768w, https:\/\/www.weingutsommer.at\/wp-content\/uploads\/2020\/08\/haus_bearb2-1536x1097.jpg 1536w, https:\/\/www.weingutsommer.at\/wp-content\/uploads\/2020\/08\/haus_bearb2-2048x1463.jpg 2048w, https:\/\/www.weingutsommer.at\/wp-content\/uploads\/2020\/08\/haus_bearb2-84x60.jpg 84w\" sizes=\"(max-width: 1024px) 100vw, 1024px\" \/><\/figure>\n\n\n\n<p>Herzlich Willkommen auf unserem Weingut in M\u00f6rbisch am See. Seit drei Generationen steht unser Familienbetrieb f\u00fcr Gastfreundschaft, Tradition und gutem Wein.<\/p>\n\n\n\n<div class=\"wp-block-columns is-layout-flex wp-container-core-columns-layout-1 wp-block-columns-is-layout-flex\">\n<div class=\"wp-block-column is-layout-flow wp-block-column-is-layout-flow\">\n<p>Derzeit bewirtschaften wir rund 10ha Weingartenfl\u00e4che in den besten Rieden rund um M\u00f6rbisch.<\/p>\n\n\n\n<p>Davon sind ca. 60% mit Wei\u00dfweinsorten und 40 % mit Rotweinsorten bepflanzt.<\/p>\n\n\n\n<p>Durch die richtige Wahl des Standorts und der damit verbundenen Bodenbeschaffenheit versuchen wir das Optimum aus jeder Sorte herauszuholen.<\/p>\n\n\n\n<p>Unser Augenmerk liegt auf einer ressourcenschonenden Weingartenbearbeitung.<\/p>\n<\/div>\n\n\n\n<div class=\"wp-block-column is-layout-flow wp-block-column-is-layout-flow\">\n<div class=\"wp-block-image is-style-default\"><figure class=\"aligncenter size-large\"><img loading=\"lazy\" decoding=\"async\" width=\"734\" height=\"1024\" src=\"https:\/\/www.weingutsommer.at\/wp-content\/uploads\/2020\/08\/JB-2020-04-23-00025-734x1024.jpg\" alt=\"Unser Hof\" class=\"wp-image-96\" srcset=\"https:\/\/www.weingutsommer.at\/wp-content\/uploads\/2020\/08\/JB-2020-04-23-00025-734x1024.jpg 734w, https:\/\/www.weingutsommer.at\/wp-content\/uploads\/2020\/08\/JB-2020-04-23-00025-300x419.jpg 300w, https:\/\/www.weingutsommer.at\/wp-content\/uploads\/2020\/08\/JB-2020-04-23-00025-215x300.jpg 215w, https:\/\/www.weingutsommer.at\/wp-content\/uploads\/2020\/08\/JB-2020-04-23-00025-768x1072.jpg 768w, https:\/\/www.weingutsommer.at\/wp-content\/uploads\/2020\/08\/JB-2020-04-23-00025-43x60.jpg 43w, https:\/\/www.weingutsommer.at\/wp-content\/uploads\/2020\/08\/JB-2020-04-23-00025.jpg 1031w\" sizes=\"(max-width: 734px) 100vw, 734px\" \/><figcaption>In unserem Hof k\u00f6nnen die aktuellen Weinsorten gem\u00fctlich verkostet werden.<\/figcaption><\/figure><\/div>\n\n\n\n<p><\/p>\n<\/div>\n<\/div>\n\n\n\n<figure class=\"wp-block-image size-large is-style-default\"><img loading=\"lazy\" decoding=\"async\" width=\"1024\" height=\"478\" src=\"https:\/\/www.weingutsommer.at\/wp-content\/uploads\/2020\/08\/JB-2020-04-23-00001@025x-1024x478.jpg\" alt=\"\" class=\"wp-image-103\" srcset=\"https:\/\/www.weingutsommer.at\/wp-content\/uploads\/2020\/08\/JB-2020-04-23-00001@025x-1024x478.jpg 1024w, https:\/\/www.weingutsommer.at\/wp-content\/uploads\/2020\/08\/JB-2020-04-23-00001@025x-300x140.jpg 300w, https:\/\/www.weingutsommer.at\/wp-content\/uploads\/2020\/08\/JB-2020-04-23-00001@025x-768x358.jpg 768w, https:\/\/www.weingutsommer.at\/wp-content\/uploads\/2020\/08\/JB-2020-04-23-00001@025x-129x60.jpg 129w, https:\/\/www.weingutsommer.at\/wp-content\/uploads\/2020\/08\/JB-2020-04-23-00001@025x.jpg 1252w\" sizes=\"(max-width: 1024px) 100vw, 1024px\" \/><figcaption>In unserem Verkostungsraum k\u00f6nnen wir unsere Weine gr\u00f6\u00dferen Gruppen pr\u00e4sentieren.<\/figcaption><\/figure>\n\n\n\n<p>Im Keller verbinden wir Tradition mit moderner Kellertechnik.<\/p>\n\n\n\n<p>Wei\u00dfweine werden gek\u00fchlt im Stahltank ausgebaut und auch bis zur Flaschenf\u00fcllung darin gelagert.<\/p>\n\n\n\n<p>Rotweine werden nach der alkoholischen G\u00e4rung und dem biologischen S\u00e4ureabbau je nach Ausbaustufe in kleinen bzw. gro\u00dfen Holzfass bis zur F\u00fcllung gelagert.<\/p>\n\n\n\n<div class=\"wp-block-jetpack-tiled-gallery aligncenter is-style-rectangular\"><div class=\"tiled-gallery__gallery\"><div class=\"tiled-gallery__row\"><div class=\"tiled-gallery__col\" style=\"flex-basis:66.83094248500564%\"><figure class=\"tiled-gallery__item\"><img decoding=\"async\" srcset=\"https:\/\/i1.wp.com\/weingutsommer.moerbisch.net\/wp-content\/uploads\/2020\/08\/JB-2020-04-23-00019@075x.jpg?strip=info&#038;w=600&#038;ssl=1 600w,https:\/\/i1.wp.com\/weingutsommer.moerbisch.net\/wp-content\/uploads\/2020\/08\/JB-2020-04-23-00019@075x.jpg?strip=info&#038;w=900&#038;ssl=1 900w,https:\/\/i1.wp.com\/weingutsommer.moerbisch.net\/wp-content\/uploads\/2020\/08\/JB-2020-04-23-00019@075x.jpg?strip=info&#038;w=1200&#038;ssl=1 1200w,https:\/\/i1.wp.com\/weingutsommer.moerbisch.net\/wp-content\/uploads\/2020\/08\/JB-2020-04-23-00019@075x.jpg?strip=info&#038;w=1500&#038;ssl=1 1500w,https:\/\/i1.wp.com\/weingutsommer.moerbisch.net\/wp-content\/uploads\/2020\/08\/JB-2020-04-23-00019@075x.jpg?strip=info&#038;w=1513&#038;ssl=1 1513w\" alt=\"\" data-height=\"1081\" data-id=\"100\" data-link=\"https:\/\/www.weingutsommer.at\/index.php\/2020\/04\/06\/unser-weingut\/jb-2020-04-23-00019075x\/\" data-url=\"https:\/\/www.weingutsommer.at\/wp-content\/uploads\/2020\/08\/JB-2020-04-23-00019@075x.jpg\" data-width=\"1513\" src=\"https:\/\/i1.wp.com\/weingutsommer.moerbisch.net\/wp-content\/uploads\/2020\/08\/JB-2020-04-23-00019@075x.jpg?ssl=1\" layout=\"responsive\"\/><\/figure><\/div><div class=\"tiled-gallery__col\" style=\"flex-basis:33.16905751499438%\"><figure class=\"tiled-gallery__item\"><img decoding=\"async\" srcset=\"https:\/\/i2.wp.com\/weingutsommer.moerbisch.net\/wp-content\/uploads\/2020\/08\/JB-2020-04-23-00022@075x.jpg?strip=info&#038;w=600&#038;ssl=1 600w,https:\/\/i2.wp.com\/weingutsommer.moerbisch.net\/wp-content\/uploads\/2020\/08\/JB-2020-04-23-00022@075x.jpg?strip=info&#038;w=900&#038;ssl=1 900w,https:\/\/i2.wp.com\/weingutsommer.moerbisch.net\/wp-content\/uploads\/2020\/08\/JB-2020-04-23-00022@075x.jpg?strip=info&#038;w=1200&#038;ssl=1 1200w,https:\/\/i2.wp.com\/weingutsommer.moerbisch.net\/wp-content\/uploads\/2020\/08\/JB-2020-04-23-00022@075x.jpg?strip=info&#038;w=1500&#038;ssl=1 1500w,https:\/\/i2.wp.com\/weingutsommer.moerbisch.net\/wp-content\/uploads\/2020\/08\/JB-2020-04-23-00022@075x.jpg?strip=info&#038;w=1513&#038;ssl=1 1513w\" alt=\"\" data-height=\"1081\" data-id=\"101\" data-link=\"https:\/\/www.weingutsommer.at\/index.php\/2020\/04\/06\/unser-weingut\/jb-2020-04-23-00022075x\/\" data-url=\"https:\/\/www.weingutsommer.at\/wp-content\/uploads\/2020\/08\/JB-2020-04-23-00022@075x.jpg\" data-width=\"1513\" src=\"https:\/\/i2.wp.com\/weingutsommer.moerbisch.net\/wp-content\/uploads\/2020\/08\/JB-2020-04-23-00022@075x.jpg?ssl=1\" layout=\"responsive\"\/><\/figure><figure class=\"tiled-gallery__item\"><img decoding=\"async\" srcset=\"https:\/\/i0.wp.com\/weingutsommer.moerbisch.net\/wp-content\/uploads\/2020\/08\/JB-2020-04-23-00016@075x.jpg?strip=info&#038;w=600&#038;ssl=1 600w,https:\/\/i0.wp.com\/weingutsommer.moerbisch.net\/wp-content\/uploads\/2020\/08\/JB-2020-04-23-00016@075x.jpg?strip=info&#038;w=900&#038;ssl=1 900w,https:\/\/i0.wp.com\/weingutsommer.moerbisch.net\/wp-content\/uploads\/2020\/08\/JB-2020-04-23-00016@075x.jpg?strip=info&#038;w=1200&#038;ssl=1 1200w,https:\/\/i0.wp.com\/weingutsommer.moerbisch.net\/wp-content\/uploads\/2020\/08\/JB-2020-04-23-00016@075x.jpg?strip=info&#038;w=1500&#038;ssl=1 1500w,https:\/\/i0.wp.com\/weingutsommer.moerbisch.net\/wp-content\/uploads\/2020\/08\/JB-2020-04-23-00016@075x.jpg?strip=info&#038;w=1513&#038;ssl=1 1513w\" alt=\"\" data-height=\"1081\" data-id=\"98\" data-link=\"https:\/\/www.weingutsommer.at\/index.php\/2020\/04\/06\/unser-weingut\/jb-2020-04-23-00016075x\/\" data-url=\"https:\/\/www.weingutsommer.at\/wp-content\/uploads\/2020\/08\/JB-2020-04-23-00016@075x.jpg\" data-width=\"1513\" src=\"https:\/\/i0.wp.com\/weingutsommer.moerbisch.net\/wp-content\/uploads\/2020\/08\/JB-2020-04-23-00016@075x.jpg?ssl=1\" layout=\"responsive\"\/><\/figure><\/div><\/div><\/div><\/div>\n\n\n\n<p><\/p>\n","protected":false},"excerpt":{"rendered":"<p>Herzlich Willkommen auf unserem Weingut in M\u00f6rbisch am See. Seit drei Generationen steht unser Familienbetrieb f\u00fcr Gastfreundschaft, Tradition und gutem Wein. Derzeit bewirtschaften wir rund 10ha Weingartenfl\u00e4che in den besten Rieden rund um M\u00f6rbisch. Davon sind ca. 60% mit Wei\u00dfweinsorten und 40 % mit Rotweinsorten bepflanzt. Durch die richtige Wahl des Standorts und der damit &hellip; <\/p>\n","protected":false},"author":1,"featured_media":0,"parent":0,"menu_order":0,"comment_status":"closed","ping_status":"closed","template":"","meta":{"footnotes":""},"jetpack_sharing_enabled":true,"_links":{"self":[{"href":"https:\/\/www.weingutsommer.at\/index.php?rest_route=\/wp\/v2\/pages\/72"}],"collection":[{"href":"https:\/\/www.weingutsommer.at\/index.php?rest_route=\/wp\/v2\/pages"}],"about":[{"href":"https:\/\/www.weingutsommer.at\/index.php?rest_route=\/wp\/v2\/types\/page"}],"author":[{"embeddable":true,"href":"https:\/\/www.weingutsommer.at\/index.php?rest_route=\/wp\/v2\/users\/1"}],"replies":[{"embeddable":true,"href":"https:\/\/www.weingutsommer.at\/index.php?rest_route=%2Fwp%2Fv2%2Fcomments&post=72"}],"version-history":[{"count":6,"href":"https:\/\/www.weingutsommer.at\/index.php?rest_route=\/wp\/v2\/pages\/72\/revisions"}],"predecessor-version":[{"id":163,"href":"https:\/\/www.weingutsommer.at\/index.php?rest_route=\/wp\/v2\/pages\/72\/revisions\/163"}],"wp:attachment":[{"href":"https:\/\/www.weingutsommer.at\/index.php?rest_route=%2Fwp%2Fv2%2Fmedia&parent=72"}],"curies":[{"name":"wp","href":"https:\/\/api.w.org\/{rel}","templated":true}]}}